{"id":2191,"date":"2023-05-07T09:56:02","date_gmt":"2023-05-07T09:56:02","guid":{"rendered":"https:\/\/www.nw-groupe.com\/qui-sommes-nous\/"},"modified":"2025-12-09T15:26:25","modified_gmt":"2025-12-09T15:26:25","slug":"chi-siamo","status":"publish","type":"page","link":"https:\/\/www.nw-groupe.com\/it\/chi-siamo\/","title":{"rendered":"NW Groupe, operatore ed esperto nella transizione energetica"},"content":{"rendered":"\n<div class=\"c-article__full\">\n  <div class=\"c-page-head\">\n    <div class=\"c-page-head__inner\">\n            <h1 class=\"c-page-head__title\">NW Groupe, operatore ed esperto nella transizione energetica<\/h1>\n                  <div class=\"c-page-head__intro\">\n        <p><span style=\"font-weight: 400;\">In qualit\u00e0 di operatore indipendente di stazioni di ricarica elettrica ad alta potenza, unit\u00e0 di accumulo diffuso e microcentrali di produzione di energia rinnovabile, la missione di NW \u00e8 di rendere la transizione energetica accessibile a tutti.<\/span><\/p>\n      <\/div>\n          <\/div>\n        <div class=\"c-page-head__media\">\n      <img loading=\"lazy\" decoding=\"async\" width=\"1984\" height=\"892\" src=\"https:\/\/www.nw-groupe.com\/wp-content\/uploads\/2023\/06\/head-page-2.jpg\" class=\"attachment-full size-full\" alt=\"\" srcset=\"https:\/\/www.nw-groupe.com\/wp-content\/uploads\/2023\/06\/head-page-2.jpg 1984w, https:\/\/www.nw-groupe.com\/wp-content\/uploads\/2023\/06\/head-page-2-300x135.jpg 300w, https:\/\/www.nw-groupe.com\/wp-content\/uploads\/2023\/06\/head-page-2-1024x460.jpg 1024w, https:\/\/www.nw-groupe.com\/wp-content\/uploads\/2023\/06\/head-page-2-768x345.jpg 768w, https:\/\/www.nw-groupe.com\/wp-content\/uploads\/2023\/06\/head-page-2-1536x691.jpg 1536w\" sizes=\"auto, (max-width: 1984px) 100vw, 1984px\" \/> \n    <\/div>\n      <\/div>\n<\/div>\n\n\n\n<h2 class=\"wp-block-heading has-text-align-center\">La nostra strategia<\/h2>\n\n\n\n<div class=\"c-article__full\">\n  <ul class=\"c-icons\">\n        <li class=\"c-icons__item\">\n      <div class=\"c-icons__media\">\n        <img loading=\"lazy\" decoding=\"async\" width=\"110\" height=\"105\" src=\"https:\/\/www.nw-groupe.com\/wp-content\/uploads\/2023\/05\/icon1.svg\" class=\"attachment-full size-full\" alt=\"\" \/>  \n      <\/div>\n      <h3 class=\"c-icons__title\">Valorizzare<\/h3>\n      <div class=\"c-icons__desc\">\n        <p class=\"p1\"><span class=\"s2\"><b>Valorizzare <\/b>le energie rinnovabili attraverso un&#8217;infrastruttura basata su una combinazione di accumulo diffuso e punti di ricarica locali.<\/span><\/p>\n      <\/div>\n    <\/li>\n        <li class=\"c-icons__item\">\n      <div class=\"c-icons__media\">\n        <img loading=\"lazy\" decoding=\"async\" width=\"108\" height=\"105\" src=\"https:\/\/www.nw-groupe.com\/wp-content\/uploads\/2023\/05\/arbre.svg\" class=\"attachment-full size-full\" alt=\"\" \/>  \n      <\/div>\n      <h3 class=\"c-icons__title\">Produrre<\/h3>\n      <div class=\"c-icons__desc\">\n        <p class=\"p1\"><span class=\"s1\"><b>Produrre <\/b><\/span><span class=\"s2\">nuove energie soprattutto nelle aree rurali<\/span><\/p>\n      <\/div>\n    <\/li>\n        <li class=\"c-icons__item\">\n      <div class=\"c-icons__media\">\n        <img loading=\"lazy\" decoding=\"async\" width=\"110\" height=\"105\" src=\"https:\/\/www.nw-groupe.com\/wp-content\/uploads\/2023\/05\/web.svg\" class=\"attachment-full size-full\" alt=\"\" \/>  \n      <\/div>\n      <h3 class=\"c-icons__title\">Digitalizzare<\/h3>\n      <div class=\"c-icons__desc\">\n        <p class=\"p1\"><span class=\"s1\"><b>Digitalizzare <\/b><\/span><span class=\"s2\">lo sviluppo, della costruzione e il funzionamento dei nostri progetti.<\/span><\/p>\n      <\/div>\n    <\/li>\n        <li class=\"c-icons__item\">\n      <div class=\"c-icons__media\">\n        <img loading=\"lazy\" decoding=\"async\" width=\"84\" height=\"98\" src=\"https:\/\/www.nw-groupe.com\/wp-content\/uploads\/2023\/05\/ampoule.svg\" class=\"attachment-full size-full\" alt=\"\" \/>  \n      <\/div>\n      <h3 class=\"c-icons__title\">Proporre<\/h3>\n      <div class=\"c-icons__desc\">\n        <p class=\"p1\"><span class=\"s1\"><b>Proporre <\/b><\/span><span class=\"s2\">con passione innovazioni energetiche accessibili a tutti.<\/span><\/p>\n      <\/div>\n    <\/li>\n      <\/ul>\n<\/div>\n\n\n\n<figure class=\"c-fullquote\">\n      <img loading=\"lazy\" decoding=\"async\" width=\"172\" height=\"172\" src=\"https:\/\/www.nw-groupe.com\/wp-content\/uploads\/2023\/05\/thumb-timeline.jpg\" class=\"attachment-full size-full\" alt=\"\" srcset=\"https:\/\/www.nw-groupe.com\/wp-content\/uploads\/2023\/05\/thumb-timeline.jpg 172w, https:\/\/www.nw-groupe.com\/wp-content\/uploads\/2023\/05\/thumb-timeline-150x150.jpg 150w\" sizes=\"auto, (max-width: 172px) 100vw, 172px\" \/>  \n    <blockquote>\n    <p>\n      NW contribuisce alla transizione energetica in Francia e all&#8217;estero sviluppando innovazioni per accelerarla e renderla pi\u00f9 competitiva.\u201d\n    <\/p>\n  <\/blockquote>\n  <figcaption><strong>Jean-Christophe Kerdelhu\u00e9,<\/strong> Presidente Esecutivo di NW<\/figcaption>\n<\/figure>\n\n\n\n<h2 class=\"wp-block-heading has-text-align-center\">Transizione energetica attraverso l&#8217;innovazione<\/h2>\n\n\n\n<p>Prima unicorno francese e protagonista della transizione energetica, NW \u00e8 entrata a far parte della French Tech Next 40 nel 2023.<\/p>\n\n\n\n<section class=\"c-section\">\n  <div class=\"o-wrapper\">\n    <div class=\"c-section__head\">\n      <h2 class=\"c-section__title\">Il nostro comitato esecutivo <\/h2>\n    <\/div>\n    <ul class=\"c-grid c-grid--quarter c-grid--gap-double\">\n            <li class=\"c-grid__col\">\n        <div class=\"c-card-member\">\n                    <div class=\"c-card-member__media\">\n            <img loading=\"lazy\" decoding=\"async\" width=\"526\" height=\"642\" src=\"https:\/\/www.nw-groupe.com\/wp-content\/uploads\/2023\/05\/thumb-member.jpg\" class=\"attachment-member size-member\" alt=\"\" srcset=\"https:\/\/www.nw-groupe.com\/wp-content\/uploads\/2023\/05\/thumb-member.jpg 526w, https:\/\/www.nw-groupe.com\/wp-content\/uploads\/2023\/05\/thumb-member-246x300.jpg 246w\" sizes=\"auto, (max-width: 526px) 100vw, 526px\" \/> \n                      <\/div>\n                    <div class=\"c-card-member__content\">\n            <div class=\"c-card-member__title\">Jean-Christophe<br>Kerdelhu\u00e9<\/div>\n            <div class=\"c-card-member__job\">Presidente Esecutivo <\/div>\n                        <a href=\"https:\/\/www.nw-groupe.com\/it\/jean-christophe-kerdelhue\/\" target=\"\" class=\"c-link\">\n              Scopri la sua biografia              <svg aria-hidden=\"true\" class=\"o-icon\">\n                <use href=\"#icon-arrow\" \/>\n              <\/svg>\n            <\/a>\n                                  <\/div>\n        <\/div>\n      <\/li>\n            <li class=\"c-grid__col\">\n        <div class=\"c-card-member\">\n                    <div class=\"c-card-member__media\">\n            <img loading=\"lazy\" decoding=\"async\" width=\"526\" height=\"642\" src=\"https:\/\/www.nw-groupe.com\/wp-content\/uploads\/2023\/05\/philippe-barbe1.jpg\" class=\"attachment-member size-member\" alt=\"\" srcset=\"https:\/\/www.nw-groupe.com\/wp-content\/uploads\/2023\/05\/philippe-barbe1.jpg 526w, https:\/\/www.nw-groupe.com\/wp-content\/uploads\/2023\/05\/philippe-barbe1-246x300.jpg 246w\" sizes=\"auto, (max-width: 526px) 100vw, 526px\" \/> \n                      <\/div>\n                    <div class=\"c-card-member__content\">\n            <div class=\"c-card-member__title\">Philippe <br>Barbe<\/div>\n            <div class=\"c-card-member__job\">Consulente senior del Presidente esecutivo<\/div>\n                                    <ul class=\"c-social\">\n                            <li>\n                <a href=\"https:\/\/www.linkedin.com\/in\/ACoAABwwI9kBs9MNuMCRzMQhgr7xg2rSdRy4Lmw\" target=\"_blank\" title=\"Linkedin\">\n                  <svg aria-hidden=\"true\" class=\"o-icon\">\n                    <use href=\"#icon-linkedin\" \/>\n                  <\/svg>\n                <\/a>\n              <\/li>\n                          <\/ul>\n                      <\/div>\n        <\/div>\n      <\/li>\n            <li class=\"c-grid__col\">\n        <div class=\"c-card-member\">\n                    <div class=\"c-card-member__media\">\n            <img loading=\"lazy\" decoding=\"async\" width=\"526\" height=\"642\" src=\"https:\/\/www.nw-groupe.com\/wp-content\/uploads\/2025\/01\/sarah-hra01.jpg\" class=\"attachment-member size-member\" alt=\"\" srcset=\"https:\/\/www.nw-groupe.com\/wp-content\/uploads\/2025\/01\/sarah-hra01.jpg 526w, https:\/\/www.nw-groupe.com\/wp-content\/uploads\/2025\/01\/sarah-hra01-246x300.jpg 246w\" sizes=\"auto, (max-width: 526px) 100vw, 526px\" \/> \n                      <\/div>\n                    <div class=\"c-card-member__content\">\n            <div class=\"c-card-member__title\">Sarah <br \/>Hra<\/div>\n            <div class=\"c-card-member__job\">Direttrice business<\/div>\n                                    <ul class=\"c-social\">\n                            <li>\n                <a href=\"https:\/\/www.linkedin.com\/in\/ACoAAAUtncgBNxbk-bvSYC_kYDHBKbXcDLm9iHA\/\" target=\"_blank\" title=\"Linkedin\">\n                  <svg aria-hidden=\"true\" class=\"o-icon\">\n                    <use href=\"#icon-linkedin\" \/>\n                  <\/svg>\n                <\/a>\n              <\/li>\n                          <\/ul>\n                      <\/div>\n        <\/div>\n      <\/li>\n            <li class=\"c-grid__col\">\n        <div class=\"c-card-member\">\n                    <div class=\"c-card-member__media\">\n            <img loading=\"lazy\" decoding=\"async\" width=\"526\" height=\"642\" src=\"https:\/\/www.nw-groupe.com\/wp-content\/uploads\/2025\/12\/directeur-produits-portraits-nw-alexandre-klayele.jpg\" class=\"attachment-member size-member\" alt=\"\" srcset=\"https:\/\/www.nw-groupe.com\/wp-content\/uploads\/2025\/12\/directeur-produits-portraits-nw-alexandre-klayele.jpg 526w, https:\/\/www.nw-groupe.com\/wp-content\/uploads\/2025\/12\/directeur-produits-portraits-nw-alexandre-klayele-246x300.jpg 246w\" sizes=\"auto, (max-width: 526px) 100vw, 526px\" \/> \n                      <\/div>\n                    <div class=\"c-card-member__content\">\n            <div class=\"c-card-member__title\">Alexandre<br \/>Klaeyl\u00e9<\/div>\n            <div class=\"c-card-member__job\">Direttore prodotti<\/div>\n                                    <ul class=\"c-social\">\n                            <li>\n                <a href=\"https:\/\/www.linkedin.com\/in\/alexandreklaeyle\/\" target=\"_blank\" title=\"Linkedin\">\n                  <svg aria-hidden=\"true\" class=\"o-icon\">\n                    <use href=\"#icon-linkedin\" \/>\n                  <\/svg>\n                <\/a>\n              <\/li>\n                          <\/ul>\n                      <\/div>\n        <\/div>\n      <\/li>\n            <li class=\"c-grid__col\">\n        <div class=\"c-card-member\">\n                    <div class=\"c-card-member__media\">\n            <img loading=\"lazy\" decoding=\"async\" width=\"526\" height=\"642\" src=\"https:\/\/www.nw-groupe.com\/wp-content\/uploads\/2023\/05\/peter-van-praet.jpg\" class=\"attachment-member size-member\" alt=\"\" srcset=\"https:\/\/www.nw-groupe.com\/wp-content\/uploads\/2023\/05\/peter-van-praet.jpg 526w, https:\/\/www.nw-groupe.com\/wp-content\/uploads\/2023\/05\/peter-van-praet-246x300.jpg 246w\" sizes=\"auto, (max-width: 526px) 100vw, 526px\" \/> \n                      <\/div>\n                    <div class=\"c-card-member__content\">\n            <div class=\"c-card-member__title\">Peter <br>Van Praet<\/div>\n            <div class=\"c-card-member__job\">Direttore delle operazioni<\/div>\n                                    <ul class=\"c-social\">\n                            <li>\n                <a href=\"https:\/\/www.linkedin.com\/in\/ACoAAACtAOMBh1XslE6hePZBgYFQbCygBfQnYPk\/\" target=\"_blank\" title=\"Linkedin\">\n                  <svg aria-hidden=\"true\" class=\"o-icon\">\n                    <use href=\"#icon-linkedin\" \/>\n                  <\/svg>\n                <\/a>\n              <\/li>\n                          <\/ul>\n                      <\/div>\n        <\/div>\n      <\/li>\n            <li class=\"c-grid__col\">\n        <div class=\"c-card-member\">\n                    <div class=\"c-card-member__media\">\n            <img loading=\"lazy\" decoding=\"async\" width=\"526\" height=\"642\" src=\"https:\/\/www.nw-groupe.com\/wp-content\/uploads\/2023\/05\/vianney-christophe1.jpg\" class=\"attachment-member size-member\" alt=\"\" srcset=\"https:\/\/www.nw-groupe.com\/wp-content\/uploads\/2023\/05\/vianney-christophe1.jpg 526w, https:\/\/www.nw-groupe.com\/wp-content\/uploads\/2023\/05\/vianney-christophe1-246x300.jpg 246w\" sizes=\"auto, (max-width: 526px) 100vw, 526px\" \/> \n                      <\/div>\n                    <div class=\"c-card-member__content\">\n            <div class=\"c-card-member__title\">Vianney <br>Christophe<\/div>\n            <div class=\"c-card-member__job\">Direttore Sviluppo Tecnico e Valore<\/div>\n                                    <ul class=\"c-social\">\n                            <li>\n                <a href=\"https:\/\/www.linkedin.com\/in\/ACoAABdoTosBP5YFAlVl-2B6fqxMYPWkzCkl2L4\" target=\"_blank\" title=\"Linkedin\">\n                  <svg aria-hidden=\"true\" class=\"o-icon\">\n                    <use href=\"#icon-linkedin\" \/>\n                  <\/svg>\n                <\/a>\n              <\/li>\n                          <\/ul>\n                      <\/div>\n        <\/div>\n      <\/li>\n            <li class=\"c-grid__col\">\n        <div class=\"c-card-member\">\n                    <div class=\"c-card-member__media\">\n            <img loading=\"lazy\" decoding=\"async\" width=\"526\" height=\"642\" src=\"https:\/\/www.nw-groupe.com\/wp-content\/uploads\/2023\/08\/dsc08104.png\" class=\"attachment-member size-member\" alt=\"\" srcset=\"https:\/\/www.nw-groupe.com\/wp-content\/uploads\/2023\/08\/dsc08104.png 526w, https:\/\/www.nw-groupe.com\/wp-content\/uploads\/2023\/08\/dsc08104-246x300.png 246w\" sizes=\"auto, (max-width: 526px) 100vw, 526px\" \/> \n                      <\/div>\n                    <div class=\"c-card-member__content\">\n            <div class=\"c-card-member__title\">Pauline <br>Gelis<\/div>\n            <div class=\"c-card-member__job\">Segretario Generale <\/div>\n                                    <ul class=\"c-social\">\n                            <li>\n                <a href=\"https:\/\/www.linkedin.com\/in\/pauline-gelis-4159053\/\" target=\"_blank\" title=\"Linkedin\">\n                  <svg aria-hidden=\"true\" class=\"o-icon\">\n                    <use href=\"#icon-linkedin\" \/>\n                  <\/svg>\n                <\/a>\n              <\/li>\n                          <\/ul>\n                      <\/div>\n        <\/div>\n      <\/li>\n            <li class=\"c-grid__col\">\n        <div class=\"c-card-member\">\n                    <div class=\"c-card-member__media\">\n            <img loading=\"lazy\" decoding=\"async\" width=\"526\" height=\"642\" src=\"https:\/\/www.nw-groupe.com\/wp-content\/uploads\/2025\/12\/portraits-nw-elsa-gonse.jpg\" class=\"attachment-member size-member\" alt=\"\" srcset=\"https:\/\/www.nw-groupe.com\/wp-content\/uploads\/2025\/12\/portraits-nw-elsa-gonse.jpg 526w, https:\/\/www.nw-groupe.com\/wp-content\/uploads\/2025\/12\/portraits-nw-elsa-gonse-246x300.jpg 246w\" sizes=\"auto, (max-width: 526px) 100vw, 526px\" \/> \n                      <\/div>\n                    <div class=\"c-card-member__content\">\n            <div class=\"c-card-member__title\">Elsa <br>Gonse<\/div>\n            <div class=\"c-card-member__job\">Direttore finanziario<\/div>\n                                    <ul class=\"c-social\">\n                            <li>\n                <a href=\"https:\/\/www.linkedin.com\/in\/elsa-gonse-108bb0a5\/\" target=\"_blank\" title=\"Linkedin\">\n                  <svg aria-hidden=\"true\" class=\"o-icon\">\n                    <use href=\"#icon-linkedin\" \/>\n                  <\/svg>\n                <\/a>\n              <\/li>\n                          <\/ul>\n                      <\/div>\n        <\/div>\n      <\/li>\n            <li class=\"c-grid__col\">\n        <div class=\"c-card-member\">\n                    <div class=\"c-card-member__media\">\n            <img loading=\"lazy\" decoding=\"async\" width=\"526\" height=\"642\" src=\"https:\/\/www.nw-groupe.com\/wp-content\/uploads\/2025\/01\/vinh-duong01.jpg\" class=\"attachment-member size-member\" alt=\"\" srcset=\"https:\/\/www.nw-groupe.com\/wp-content\/uploads\/2025\/01\/vinh-duong01.jpg 526w, https:\/\/www.nw-groupe.com\/wp-content\/uploads\/2025\/01\/vinh-duong01-246x300.jpg 246w\" sizes=\"auto, (max-width: 526px) 100vw, 526px\" \/> \n                      <\/div>\n                    <div class=\"c-card-member__content\">\n            <div class=\"c-card-member__title\">Vinh <br \/>Duong<\/div>\n            <div class=\"c-card-member__job\">Consulente senior di strategia finanziaria del Presidente Esecutivo<\/div>\n                                    <ul class=\"c-social\">\n                            <li>\n                <a href=\"https:\/\/www.linkedin.com\/in\/ACoAAAERSTIBKNbQX6Am4SkmKkkp1kw6nbguOxk\" target=\"_blank\" title=\"Linkedin\">\n                  <svg aria-hidden=\"true\" class=\"o-icon\">\n                    <use href=\"#icon-linkedin\" \/>\n                  <\/svg>\n                <\/a>\n              <\/li>\n                          <\/ul>\n                      <\/div>\n        <\/div>\n      <\/li>\n            <li class=\"c-grid__col\">\n        <div class=\"c-card-member\">\n                    <div class=\"c-card-member__media\">\n            <img loading=\"lazy\" decoding=\"async\" width=\"526\" height=\"642\" src=\"https:\/\/www.nw-groupe.com\/wp-content\/uploads\/2025\/12\/portraits-nw-frederik-jobert.jpg\" class=\"attachment-member size-member\" alt=\"\" srcset=\"https:\/\/www.nw-groupe.com\/wp-content\/uploads\/2025\/12\/portraits-nw-frederik-jobert.jpg 526w, https:\/\/www.nw-groupe.com\/wp-content\/uploads\/2025\/12\/portraits-nw-frederik-jobert-246x300.jpg 246w\" sizes=\"auto, (max-width: 526px) 100vw, 526px\" \/> \n                      <\/div>\n                    <div class=\"c-card-member__content\">\n            <div class=\"c-card-member__title\">Fr\u00e9derik<br \/>Jobert<\/div>\n            <div class=\"c-card-member__job\">Direttore delle relazioni istituzionali e della comunicazione<\/div>\n                                    <ul class=\"c-social\">\n                            <li>\n                <a href=\"https:\/\/www.linkedin.com\/in\/fr%C3%A9d%C3%A9rik-jobert-509ba4139\/\" target=\"_blank\" title=\"Linkedin\">\n                  <svg aria-hidden=\"true\" class=\"o-icon\">\n                    <use href=\"#icon-linkedin\" \/>\n                  <\/svg>\n                <\/a>\n              <\/li>\n                          <\/ul>\n                      <\/div>\n        <\/div>\n      <\/li>\n            <li class=\"c-grid__col\">\n        <div class=\"c-card-member\">\n                    <div class=\"c-card-member__media\">\n            <img loading=\"lazy\" decoding=\"async\" width=\"526\" height=\"642\" src=\"https:\/\/www.nw-groupe.com\/wp-content\/uploads\/2023\/05\/joule-nw.jpg\" class=\"attachment-member size-member\" alt=\"\" srcset=\"https:\/\/www.nw-groupe.com\/wp-content\/uploads\/2023\/05\/joule-nw.jpg 526w, https:\/\/www.nw-groupe.com\/wp-content\/uploads\/2023\/05\/joule-nw-246x300.jpg 246w\" sizes=\"auto, (max-width: 526px) 100vw, 526px\" \/> \n                      <\/div>\n                    <div class=\"c-card-member__content\">\n            <div class=\"c-card-member__title\">Joules<\/div>\n            <div class=\"c-card-member__job\">Chief Happiness Officer de NW<\/div>\n                                  <\/div>\n        <\/div>\n      <\/li>\n          <\/ul>\n  <\/div>\n<\/section>\n\n\n\n<section class=\"c-section\">\n  <div class=\"o-wrapper\">\n    <div class=\"c-section__head\">\n      <h2 class=\"c-section__title\">I nostri direttori internazionali<\/h2>\n    <\/div>\n    <ul class=\"c-grid c-grid--quarter c-grid--gap-double\">\n            <li class=\"c-grid__col\">\n        <div class=\"c-card-member\">\n                    <div class=\"c-card-member__media\">\n            <img loading=\"lazy\" decoding=\"async\" width=\"526\" height=\"642\" src=\"https:\/\/www.nw-groupe.com\/wp-content\/uploads\/2025\/01\/salvatore-carpita.jpg\" class=\"attachment-member size-member\" alt=\"\" srcset=\"https:\/\/www.nw-groupe.com\/wp-content\/uploads\/2025\/01\/salvatore-carpita.jpg 526w, https:\/\/www.nw-groupe.com\/wp-content\/uploads\/2025\/01\/salvatore-carpita-246x300.jpg 246w\" sizes=\"auto, (max-width: 526px) 100vw, 526px\" \/> \n                      <\/div>\n                    <div class=\"c-card-member__content\">\n            <div class=\"c-card-member__title\">Salvatore <br \/>Carpita<\/div>\n            <div class=\"c-card-member__job\">Direttore Italia, Giappone e nuovi paesi<\/div>\n                                    <ul class=\"c-social\">\n                            <li>\n                <a href=\"https:\/\/www.linkedin.com\/in\/salvatorecarpita\/\" target=\"_blank\" title=\"Linkedin\">\n                  <svg aria-hidden=\"true\" class=\"o-icon\">\n                    <use href=\"#icon-linkedin\" \/>\n                  <\/svg>\n                <\/a>\n              <\/li>\n                          <\/ul>\n                      <\/div>\n        <\/div>\n      <\/li>\n            <li class=\"c-grid__col\">\n        <div class=\"c-card-member\">\n                    <div class=\"c-card-member__media\">\n            <img loading=\"lazy\" decoding=\"async\" width=\"526\" height=\"642\" src=\"https:\/\/www.nw-groupe.com\/wp-content\/uploads\/2025\/01\/kevin-gaumard.jpg\" class=\"attachment-member size-member\" alt=\"\" srcset=\"https:\/\/www.nw-groupe.com\/wp-content\/uploads\/2025\/01\/kevin-gaumard.jpg 526w, https:\/\/www.nw-groupe.com\/wp-content\/uploads\/2025\/01\/kevin-gaumard-246x300.jpg 246w\" sizes=\"auto, (max-width: 526px) 100vw, 526px\" \/> \n                      <\/div>\n                    <div class=\"c-card-member__content\">\n            <div class=\"c-card-member__title\">Kevin <br \/>Gaumard<\/div>\n            <div class=\"c-card-member__job\">Direttore Texas<\/div>\n                                    <ul class=\"c-social\">\n                            <li>\n                <a href=\"https:\/\/www.linkedin.com\/in\/77077\/\" target=\"_blank\" title=\"Linkedin\">\n                  <svg aria-hidden=\"true\" class=\"o-icon\">\n                    <use href=\"#icon-linkedin\" \/>\n                  <\/svg>\n                <\/a>\n              <\/li>\n                          <\/ul>\n                      <\/div>\n        <\/div>\n      <\/li>\n            <li class=\"c-grid__col\">\n        <div class=\"c-card-member\">\n                    <div class=\"c-card-member__media\">\n            <img loading=\"lazy\" decoding=\"async\" width=\"526\" height=\"642\" src=\"https:\/\/www.nw-groupe.com\/wp-content\/uploads\/2025\/12\/managing-director-nordics-ville-vare.jpg\" class=\"attachment-member size-member\" alt=\"\" srcset=\"https:\/\/www.nw-groupe.com\/wp-content\/uploads\/2025\/12\/managing-director-nordics-ville-vare.jpg 526w, https:\/\/www.nw-groupe.com\/wp-content\/uploads\/2025\/12\/managing-director-nordics-ville-vare-246x300.jpg 246w\" sizes=\"auto, (max-width: 526px) 100vw, 526px\" \/> \n                      <\/div>\n                    <div class=\"c-card-member__content\">\n            <div class=\"c-card-member__title\">Ville <br \/>V\u00e4re<\/div>\n            <div class=\"c-card-member__job\">Direttore dei paesi nordici<\/div>\n                                    <ul class=\"c-social\">\n                            <li>\n                <a href=\"https:\/\/www.linkedin.com\/in\/ville-v%C3%A4re\/\" target=\"_blank\" title=\"Linkedin\">\n                  <svg aria-hidden=\"true\" class=\"o-icon\">\n                    <use href=\"#icon-linkedin\" \/>\n                  <\/svg>\n                <\/a>\n              <\/li>\n                          <\/ul>\n                      <\/div>\n        <\/div>\n      <\/li>\n            <li class=\"c-grid__col\">\n        <div class=\"c-card-member\">\n                    <div class=\"c-card-member__media\">\n            <img loading=\"lazy\" decoding=\"async\" width=\"526\" height=\"642\" src=\"https:\/\/www.nw-groupe.com\/wp-content\/uploads\/2025\/12\/portraits-nw-michael-roche.jpg\" class=\"attachment-member size-member\" alt=\"\" srcset=\"https:\/\/www.nw-groupe.com\/wp-content\/uploads\/2025\/12\/portraits-nw-michael-roche.jpg 526w, https:\/\/www.nw-groupe.com\/wp-content\/uploads\/2025\/12\/portraits-nw-michael-roche-246x300.jpg 246w\" sizes=\"auto, (max-width: 526px) 100vw, 526px\" \/> \n                      <\/div>\n                    <div class=\"c-card-member__content\">\n            <div class=\"c-card-member__title\">Michael<br \/>Roche<\/div>\n            <div class=\"c-card-member__job\">Direttore Francia<\/div>\n                                    <ul class=\"c-social\">\n                            <li>\n                <a href=\"https:\/\/www.linkedin.com\/in\/michaelroche1\/\" target=\"_blank\" title=\"Linkedin\">\n                  <svg aria-hidden=\"true\" class=\"o-icon\">\n                    <use href=\"#icon-linkedin\" \/>\n                  <\/svg>\n                <\/a>\n              <\/li>\n                          <\/ul>\n                      <\/div>\n        <\/div>\n      <\/li>\n          <\/ul>\n  <\/div>\n<\/section>\n\n\n\n<h2 class=\"wp-block-heading has-text-align-center\">Azionisti di NW<\/h2>\n\n\n\n<p>Jean-Christophe Kerdelhu\u00e9 \u00e8 il principale azionista di NW.<br><br>&nbsp;RGREEN INVEST ha sostenuto la crescita di NW con due cicli di finanziamento, nel 2020 e nel 2022.<\/p>\n\n\n\n<p>Per saperne di pi\u00f9 su <a href=\"https:\/\/www.rgreeninvest.com\/\" target=\"_blank\" rel=\"noreferrer noopener\">RGREEN INVEST<\/a><\/p>\n\n\n\n<section class=\"c-section c-section--bg\">\n  <div class=\"o-wrapper\">\n    <div class=\"c-section__head\">\n      <h2 class=\"c-section__title\">La nostra filosofia<\/h2>\n    <\/div>\n    <ul class=\"c-plus\">\n            <li class=\"c-plus__item\">\n        <svg aria-hidden=\"true\" class=\"o-icon\">\n          <use href=\"#icon-check\" \/>\n        <\/svg>\n        <strong>Passione<\/strong>       <\/li>\n            <li class=\"c-plus__item\">\n        <svg aria-hidden=\"true\" class=\"o-icon\">\n          <use href=\"#icon-check\" \/>\n        <\/svg>\n        <strong>Agilit\u00e0<\/strong>       <\/li>\n            <li class=\"c-plus__item\">\n        <svg aria-hidden=\"true\" class=\"o-icon\">\n          <use href=\"#icon-check\" \/>\n        <\/svg>\n        <strong>Perseveranza<\/strong>       <\/li>\n            <li class=\"c-plus__item\">\n        <svg aria-hidden=\"true\" class=\"o-icon\">\n          <use href=\"#icon-check\" \/>\n        <\/svg>\n        <strong>Autenticit\u00e0<\/strong>       <\/li>\n          <\/ul>\n  <\/div>\n<\/section>\n\n\n\n<section class=\"c-section\">\n  <div class=\"o-wrapper\">\n    <div class=\"c-section__head\">\n      <h2 class=\"c-section__title\">La nostra storia<\/h2>\n    <\/div>\n    <div class=\"c-timeline\">\n      <div class=\"c-timeline__slider swiper\">\n        <ol class=\"c-timeline__slides swiper-wrapper\">\n                    <li class=\"c-timeline__slide swiper-slide\">\n            <div class=\"c-card-timeline\">\n                            <div class=\"c-card-timeline__media\">\n                <img loading=\"lazy\" decoding=\"async\" width=\"172\" height=\"172\" src=\"https:\/\/www.nw-groupe.com\/wp-content\/uploads\/2023\/05\/thumb-timeline.jpg\" class=\"attachment-full size-full\" alt=\"\" srcset=\"https:\/\/www.nw-groupe.com\/wp-content\/uploads\/2023\/05\/thumb-timeline.jpg 172w, https:\/\/www.nw-groupe.com\/wp-content\/uploads\/2023\/05\/thumb-timeline-150x150.jpg 150w\" sizes=\"auto, (max-width: 172px) 100vw, 172px\" \/> \n              <\/div>\n                            <h3 class=\"c-card-timeline__title\">all&#8217;origine<\/h3>\n              <p class=\"c-card-timeline__desc\">\n                Un&#8217;avventura imprenditoriale: quella di Jean-Christophe Kerdelhu\u00e9, con 35 anni di esperienza nel settore energetico              <\/p>\n            <\/div>\n          <\/li>\n                    <li class=\"c-timeline__slide swiper-slide\">\n            <div class=\"c-card-timeline\">\n                            <div class=\"c-card-timeline__media\">\n                <img loading=\"lazy\" decoding=\"async\" width=\"172\" height=\"172\" src=\"https:\/\/www.nw-groupe.com\/wp-content\/uploads\/2023\/05\/histoire7.png\" class=\"attachment-full size-full\" alt=\"\" srcset=\"https:\/\/www.nw-groupe.com\/wp-content\/uploads\/2023\/05\/histoire7.png 172w, https:\/\/www.nw-groupe.com\/wp-content\/uploads\/2023\/05\/histoire7-150x150.png 150w\" sizes=\"auto, (max-width: 172px) 100vw, 172px\" \/> \n              <\/div>\n                            <h3 class=\"c-card-timeline__title\"><strong>2007<\/strong> Creazione di NW Groupe<\/h3>\n              <p class=\"c-card-timeline__desc\">\n                che si concentra sullo sviluppo e la gestione di siti di produzione di energia rinnovabile all&#8217;estero.              <\/p>\n            <\/div>\n          <\/li>\n                    <li class=\"c-timeline__slide swiper-slide\">\n            <div class=\"c-card-timeline\">\n                            <div class=\"c-card-timeline__media\">\n                <img loading=\"lazy\" decoding=\"async\" width=\"172\" height=\"172\" src=\"https:\/\/www.nw-groupe.com\/wp-content\/uploads\/2023\/05\/histoite6.png\" class=\"attachment-full size-full\" alt=\"\" srcset=\"https:\/\/www.nw-groupe.com\/wp-content\/uploads\/2023\/05\/histoite6.png 172w, https:\/\/www.nw-groupe.com\/wp-content\/uploads\/2023\/05\/histoite6-150x150.png 150w\" sizes=\"auto, (max-width: 172px) 100vw, 172px\" \/> \n              <\/div>\n                            <h3 class=\"c-card-timeline__title\"><strong>2018<\/strong> Creazione della filiale NW Storm<\/h3>\n              <p class=\"c-card-timeline__desc\">\n                che consente la diversificazione del business nell&#8217;accumulo di energia elettrica e nella mobilit\u00e0 elettrica.              <\/p>\n            <\/div>\n          <\/li>\n                    <li class=\"c-timeline__slide swiper-slide\">\n            <div class=\"c-card-timeline\">\n                            <div class=\"c-card-timeline__media\">\n                <img loading=\"lazy\" decoding=\"async\" width=\"172\" height=\"172\" src=\"https:\/\/www.nw-groupe.com\/wp-content\/uploads\/2023\/05\/histoire5-1.png\" class=\"attachment-full size-full\" alt=\"\" srcset=\"https:\/\/www.nw-groupe.com\/wp-content\/uploads\/2023\/05\/histoire5-1.png 172w, https:\/\/www.nw-groupe.com\/wp-content\/uploads\/2023\/05\/histoire5-1-150x150.png 150w\" sizes=\"auto, (max-width: 172px) 100vw, 172px\" \/> \n              <\/div>\n                            <h3 class=\"c-card-timeline__title\"><strong>2019<\/strong> Installazione della prima JBox<sup>\u00ae<\/sup><\/h3>\n              <p class=\"c-card-timeline__desc\">\n                a Jonzac (Charente-Maritime).              <\/p>\n            <\/div>\n          <\/li>\n                    <li class=\"c-timeline__slide swiper-slide\">\n            <div class=\"c-card-timeline\">\n                            <div class=\"c-card-timeline__media\">\n                <img loading=\"lazy\" decoding=\"async\" width=\"172\" height=\"172\" src=\"https:\/\/www.nw-groupe.com\/wp-content\/uploads\/2023\/05\/histoire4-1.png\" class=\"attachment-full size-full\" alt=\"\" srcset=\"https:\/\/www.nw-groupe.com\/wp-content\/uploads\/2023\/05\/histoire4-1.png 172w, https:\/\/www.nw-groupe.com\/wp-content\/uploads\/2023\/05\/histoire4-1-150x150.png 150w\" sizes=\"auto, (max-width: 172px) 100vw, 172px\" \/> \n              <\/div>\n                            <h3 class=\"c-card-timeline__title\"><strong>2020<\/strong> NW raccoglie il suo primo round di finanziamento<\/h3>\n              <p class=\"c-card-timeline__desc\">\n                con RGreen, per 35 milioni di euro.              <\/p>\n            <\/div>\n          <\/li>\n                    <li class=\"c-timeline__slide swiper-slide\">\n            <div class=\"c-card-timeline\">\n                            <div class=\"c-card-timeline__media\">\n                <img loading=\"lazy\" decoding=\"async\" width=\"172\" height=\"172\" src=\"https:\/\/www.nw-groupe.com\/wp-content\/uploads\/2023\/05\/histoire3-1.png\" class=\"attachment-full size-full\" alt=\"\" srcset=\"https:\/\/www.nw-groupe.com\/wp-content\/uploads\/2023\/05\/histoire3-1.png 172w, https:\/\/www.nw-groupe.com\/wp-content\/uploads\/2023\/05\/histoire3-1-150x150.png 150w\" sizes=\"auto, (max-width: 172px) 100vw, 172px\" \/> \n              <\/div>\n                            <h3 class=\"c-card-timeline__title\"><strong>2021<\/strong> Inaugurazione del primo punto di ricarica IECharge\u00ae<\/h3>\n              <p class=\"c-card-timeline__desc\">\n                -a Vezin-le-Coquet (Ille-et-Vilaine) <br \/>\r\n              <\/p>\n            <\/div>\n          <\/li>\n                    <li class=\"c-timeline__slide swiper-slide\">\n            <div class=\"c-card-timeline\">\n                            <div class=\"c-card-timeline__media\">\n                <img loading=\"lazy\" decoding=\"async\" width=\"172\" height=\"172\" src=\"https:\/\/www.nw-groupe.com\/wp-content\/uploads\/2023\/05\/histoire-finlande.png\" class=\"attachment-full size-full\" alt=\"\" srcset=\"https:\/\/www.nw-groupe.com\/wp-content\/uploads\/2023\/05\/histoire-finlande.png 172w, https:\/\/www.nw-groupe.com\/wp-content\/uploads\/2023\/05\/histoire-finlande-150x150.png 150w\" sizes=\"auto, (max-width: 172px) 100vw, 172px\" \/> \n              <\/div>\n                            <h3 class=\"c-card-timeline__title\"><strong>2022<\/strong> Apertura del primo ufficio in Finlandia<\/h3>\n              <p class=\"c-card-timeline__desc\">\n                Creazione di NW RE, l&#8217;aggregatore interno di NW              <\/p>\n            <\/div>\n          <\/li>\n                    <li class=\"c-timeline__slide swiper-slide\">\n            <div class=\"c-card-timeline\">\n                            <div class=\"c-card-timeline__media\">\n                <img loading=\"lazy\" decoding=\"async\" width=\"172\" height=\"172\" src=\"https:\/\/www.nw-groupe.com\/wp-content\/uploads\/2023\/05\/histoire2-1.png\" class=\"attachment-full size-full\" alt=\"\" srcset=\"https:\/\/www.nw-groupe.com\/wp-content\/uploads\/2023\/05\/histoire2-1.png 172w, https:\/\/www.nw-groupe.com\/wp-content\/uploads\/2023\/05\/histoire2-1-150x150.png 150w\" sizes=\"auto, (max-width: 172px) 100vw, 172px\" \/> \n              <\/div>\n                            <h3 class=\"c-card-timeline__title\"><strong>2023<\/strong> Membro di French Tech Next 40<\/h3>\n              <p class=\"c-card-timeline__desc\">\n                110 Stazioni IECharge\u00ae<br \/>\r\nApertura di una filiale in Texas (USA)              <\/p>\n            <\/div>\n          <\/li>\n                    <li class=\"c-timeline__slide swiper-slide\">\n            <div class=\"c-card-timeline\">\n                            <div class=\"c-card-timeline__media\">\n                <img loading=\"lazy\" decoding=\"async\" width=\"172\" height=\"172\" src=\"https:\/\/www.nw-groupe.com\/wp-content\/uploads\/2025\/01\/hyper-strong.png\" class=\"attachment-full size-full\" alt=\"\" srcset=\"https:\/\/www.nw-groupe.com\/wp-content\/uploads\/2025\/01\/hyper-strong.png 172w, https:\/\/www.nw-groupe.com\/wp-content\/uploads\/2025\/01\/hyper-strong-150x150.png 150w\" sizes=\"auto, (max-width: 172px) 100vw, 172px\" \/> \n              <\/div>\n                            <h3 class=\"c-card-timeline__title\"><strong>2024<\/strong> Creazione di una societ\u00e0 51\/49 NW Storm Hyperstrong Asia<\/h3>\n              <p class=\"c-card-timeline__desc\">\n                Ottenere un debito bancario non recourse di 430 milioni di euro              <\/p>\n            <\/div>\n          <\/li>\n                  <\/ol>\n      <\/div>\n      <div class=\"c-timeline__nav swiper\">\n        <ol class=\"c-timeline__dates swiper-wrapper\">\n                    <li class=\"c-timeline__date swiper-slide\">all&#8217;origine<\/li>\n                    <li class=\"c-timeline__date swiper-slide\">2007<\/li>\n                    <li class=\"c-timeline__date swiper-slide\">2018<\/li>\n                    <li class=\"c-timeline__date swiper-slide\">2019<\/li>\n                    <li class=\"c-timeline__date swiper-slide\">2020<\/li>\n                    <li class=\"c-timeline__date swiper-slide\">2021<\/li>\n                    <li class=\"c-timeline__date swiper-slide\">2022<\/li>\n                    <li class=\"c-timeline__date swiper-slide\">2023<\/li>\n                    <li class=\"c-timeline__date swiper-slide\">2024<\/li>\n                  <\/ol>\n      <\/div>\n    <\/div>\n  <\/div>\n<\/section>\n\n\n\n<section class=\"c-section c-section--bg c-section--gray\">\n  <div class=\"o-wrapper\">\n    <div class=\"c-section__head\">\n      <h2 class=\"c-section__title\">Le nostre sedi<\/h2>\n      <div class=\"c-section__intro\">\n        <p>\n          Presente in Francia, Belgio, Italia, Svezia, Finlandia e Stati Uniti, NW si sta espandendo in tutta Europa e a livello internazionale per realizzare il successo della transizione energetica.        <\/p>\n      <\/div>\n    <\/div>\n    <img loading=\"lazy\" decoding=\"async\" width=\"1060\" height=\"497\" src=\"https:\/\/www.nw-groupe.com\/wp-content\/uploads\/2023\/05\/fullmap.svg\" class=\"attachment-full size-full\" alt=\"\" \/>  \n  <\/div>\n<\/section>\n\n\n<section class=\"c-section c-section--bg c-section--related has-spacer\">\n  <div class=\"o-wrapper\">\n    <h2 class=\"c-section__title\">Le nostre ultime notizie <\/h2>\n    <ul class=\"c-grid\">\n            <li class=\"c-grid__col\">\n        \n <div class=\"c-card-news\">\n        <div class=\"c-card-news__media\">\n                  <img loading=\"lazy\" decoding=\"async\" width=\"736\" height=\"552\" src=\"https:\/\/www.nw-groupe.com\/wp-content\/uploads\/2026\/01\/nw-112025-jbox-craning-retula-finland-736x552.png\" class=\"attachment-card size-card wp-post-image\" alt=\"\" srcset=\"https:\/\/www.nw-groupe.com\/wp-content\/uploads\/2026\/01\/nw-112025-jbox-craning-retula-finland-736x552.png 736w, https:\/\/www.nw-groupe.com\/wp-content\/uploads\/2026\/01\/nw-112025-jbox-craning-retula-finland-1392x1044.png 1392w\" sizes=\"auto, (max-width: 736px) 100vw, 736px\" \/>    <\/div>\n        <div class=\"c-card-news__content\">\n      <time class=\"c-card-news__date\">03 Febbraio 2026<\/time>\n            <ul class=\"c-tags\">\n                <li>JBox<\/li>\n                <li>NW<\/li>\n              <\/ul>\n            <h3 class=\"c-card-news__title\">\n        <a href=\"https:\/\/www.nw-groupe.com\/it\/nw-raccolge-220-milioni-di-eurodi-finanziamento-del-debito-holdco-da-eigper-accelerare-lespansione-del-gruppo\/\" class=\"c-card-news__url\">NW raccolge 220 milioni di eurodi finanziamento del debito holdco da EIG per accelerare l&#8217;espansione del gruppo<\/a>\n      <\/h3>\n    <\/div>\n  <\/div>\n      <\/li>\n            <li class=\"c-grid__col\">\n        \n <div class=\"c-card-news\">\n        <div class=\"c-card-news__media\">\n                  <img loading=\"lazy\" decoding=\"async\" width=\"736\" height=\"552\" src=\"https:\/\/www.nw-groupe.com\/wp-content\/uploads\/2025\/01\/jea-736x552.jpg\" class=\"attachment-card size-card wp-post-image\" alt=\"\" srcset=\"https:\/\/www.nw-groupe.com\/wp-content\/uploads\/2025\/01\/jea-736x552.jpg 736w, https:\/\/www.nw-groupe.com\/wp-content\/uploads\/2025\/01\/jea-1392x1044.jpg 1392w\" sizes=\"auto, (max-width: 736px) 100vw, 736px\" \/>    <\/div>\n        <div class=\"c-card-news__content\">\n      <time class=\"c-card-news__date\">27 Gennaio 2025<\/time>\n            <ul class=\"c-tags\">\n                <li>JBox<\/li>\n                <li>NW<\/li>\n              <\/ul>\n            <h3 class=\"c-card-news__title\">\n        <a href=\"https:\/\/www.nw-groupe.com\/it\/mobilize-nw-uniscono-le-forze\/\" class=\"c-card-news__url\">Mobilize e NW uniscono le forze per creare soluzioni innovative per gli utenti dei veicoli elettrici del gruppo renault<\/a>\n      <\/h3>\n    <\/div>\n  <\/div>\n      <\/li>\n            <li class=\"c-grid__col\">\n        \n <div class=\"c-card-news\">\n        <div class=\"c-card-news__media\">\n                  <img loading=\"lazy\" decoding=\"async\" width=\"736\" height=\"552\" src=\"https:\/\/www.nw-groupe.com\/wp-content\/uploads\/2024\/11\/jianhui-zhang-fondateur-et-jean-christophe-kerdelhue-president-fondateur-nw-736x552.png\" class=\"attachment-card size-card wp-post-image\" alt=\"stockage : cr\u00e9ation d&#039;une joint-venture entre NW et HyperStrong\" srcset=\"https:\/\/www.nw-groupe.com\/wp-content\/uploads\/2024\/11\/jianhui-zhang-fondateur-et-jean-christophe-kerdelhue-president-fondateur-nw-736x552.png 736w, https:\/\/www.nw-groupe.com\/wp-content\/uploads\/2024\/11\/jianhui-zhang-fondateur-et-jean-christophe-kerdelhue-president-fondateur-nw-1392x1044.png 1392w\" sizes=\"auto, (max-width: 736px) 100vw, 736px\" \/>    <\/div>\n        <div class=\"c-card-news__content\">\n      <time class=\"c-card-news__date\">21 Novembre 2024<\/time>\n            <ul class=\"c-tags\">\n                <li>NW<\/li>\n              <\/ul>\n            <h3 class=\"c-card-news__title\">\n        <a href=\"https:\/\/www.nw-groupe.com\/it\/nw-leader-acumulo-hyperstrong-joint-venture\/\" class=\"c-card-news__url\">NW e Hyperstrong creano una Joint-Venture in Asia<\/a>\n      <\/h3>\n    <\/div>\n  <\/div>\n      <\/li>\n          <\/ul>\n  <\/div>\n<\/section>\n","protected":false},"excerpt":{"rendered":"<p>La nostra strategia Transizione energetica attraverso l&#8217;innovazione Prima unicorno francese e protagonista della transizione energetica, NW \u00e8 entrata a far parte della French Tech Next 40 nel 2023. Azionisti di NW Jean-Christophe Kerdelhu\u00e9 \u00e8 il principale azionista di NW. &nbsp;RGREEN INVEST ha sostenuto la crescita di NW con due cicli di finanziamento, nel 2020 e [&hellip;]<\/p>\n","protected":false},"author":3,"featured_media":0,"parent":0,"menu_order":0,"comment_status":"closed","ping_status":"closed","template":"","meta":{"_acf_changed":false,"footnotes":""},"class_list":["post-2191","page","type-page","status-publish","hentry"],"acf":[],"yoast_head":"<!-- This site is optimized with the Yoast SEO plugin v26.2 - https:\/\/yoast.com\/wordpress\/plugins\/seo\/ -->\n<title>NW Groupe, operatore ed esperto nella transizione energetica - NW<\/title>\n<meta name=\"description\" content=\"Op\u00e9rateur ind\u00e9pendant de bornes haute puissance de recharge \u00e9lectrique, d\u2019unit\u00e9s de stockage diffus d\u2019\u00e9lectricit\u00e9 et de microcentrales de production d\u2019\u00e9nergies renouvelables, NW se donne pour mission de rendre la transition \u00e9nerg\u00e9tique accessible \u00e0 tous.\" \/>\n<meta name=\"robots\" content=\"index, follow, max-snippet:-1, max-image-preview:large, max-video-preview:-1\" \/>\n<link rel=\"canonical\" href=\"https:\/\/www.nw-groupe.com\/it\/chi-siamo\/\" \/>\n<meta property=\"og:locale\" content=\"it_IT\" \/>\n<meta property=\"og:type\" content=\"article\" \/>\n<meta property=\"og:title\" content=\"NW, acteur &amp; expert de la transition \u00e9nerg\u00e9tique\" \/>\n<meta property=\"og:description\" content=\"Op\u00e9rateur ind\u00e9pendant de bornes haute puissance de recharge \u00e9lectrique, d\u2019unit\u00e9s de stockage diffus d\u2019\u00e9lectricit\u00e9 et de microcentrales de production d\u2019\u00e9nergies renouvelables, NW se donne pour mission de rendre la transition \u00e9nerg\u00e9tique accessible \u00e0 tous.\" \/>\n<meta property=\"og:url\" content=\"https:\/\/www.nw-groupe.com\/it\/chi-siamo\/\" \/>\n<meta property=\"og:site_name\" content=\"NW\" \/>\n<meta property=\"article:modified_time\" content=\"2025-12-09T15:26:25+00:00\" \/>\n<meta property=\"og:image\" content=\"https:\/\/www.nw-groupe.com\/wp-content\/uploads\/2023\/06\/head-page-2.jpg\" \/>\n\t<meta property=\"og:image:width\" content=\"1984\" \/>\n\t<meta property=\"og:image:height\" content=\"892\" \/>\n\t<meta property=\"og:image:type\" content=\"image\/jpeg\" \/>\n<meta name=\"twitter:card\" content=\"summary_large_image\" \/>\n<meta name=\"twitter:title\" content=\"NW, acteur &amp; expert de la transition \u00e9nerg\u00e9tique\" \/>\n<meta name=\"twitter:description\" content=\"Op\u00e9rateur ind\u00e9pendant de bornes haute puissance de recharge \u00e9lectrique, d\u2019unit\u00e9s de stockage diffus d\u2019\u00e9lectricit\u00e9 et de microcentrales de production d\u2019\u00e9nergies renouvelables, NW se donne pour mission de rendre la transition \u00e9nerg\u00e9tique accessible \u00e0 tous.\" \/>\n<meta name=\"twitter:image\" content=\"https:\/\/www.nw-groupe.com\/wp-content\/uploads\/2023\/06\/head-page-2.jpg\" \/>\n<meta name=\"twitter:label1\" content=\"Est. reading time\" \/>\n\t<meta name=\"twitter:data1\" content=\"1 minuto\" \/>\n<script type=\"application\/ld+json\" class=\"yoast-schema-graph\">{\"@context\":\"https:\/\/schema.org\",\"@graph\":[{\"@type\":\"WebPage\",\"@id\":\"https:\/\/www.nw-groupe.com\/it\/chi-siamo\/\",\"url\":\"https:\/\/www.nw-groupe.com\/it\/chi-siamo\/\",\"name\":\"NW Groupe, operatore ed esperto nella transizione energetica - NW\",\"isPartOf\":{\"@id\":\"https:\/\/www.nw-groupe.com\/it\/#website\"},\"datePublished\":\"2023-05-07T09:56:02+00:00\",\"dateModified\":\"2025-12-09T15:26:25+00:00\",\"description\":\"Op\u00e9rateur ind\u00e9pendant de bornes haute puissance de recharge \u00e9lectrique, d\u2019unit\u00e9s de stockage diffus d\u2019\u00e9lectricit\u00e9 et de microcentrales de production d\u2019\u00e9nergies renouvelables, NW se donne pour mission de rendre la transition \u00e9nerg\u00e9tique accessible \u00e0 tous.\",\"breadcrumb\":{\"@id\":\"https:\/\/www.nw-groupe.com\/it\/chi-siamo\/#breadcrumb\"},\"inLanguage\":\"it-IT\",\"potentialAction\":[{\"@type\":\"ReadAction\",\"target\":[\"https:\/\/www.nw-groupe.com\/it\/chi-siamo\/\"]}]},{\"@type\":\"BreadcrumbList\",\"@id\":\"https:\/\/www.nw-groupe.com\/it\/chi-siamo\/#breadcrumb\",\"itemListElement\":[{\"@type\":\"ListItem\",\"position\":1,\"name\":\"Casa\",\"item\":\"https:\/\/www.nw-groupe.com\/it\/\"},{\"@type\":\"ListItem\",\"position\":2,\"name\":\"NW Groupe, operatore ed esperto nella transizione energetica\"}]},{\"@type\":\"WebSite\",\"@id\":\"https:\/\/www.nw-groupe.com\/it\/#website\",\"url\":\"https:\/\/www.nw-groupe.com\/it\/\",\"name\":\"NW\",\"description\":\"\",\"potentialAction\":[{\"@type\":\"SearchAction\",\"target\":{\"@type\":\"EntryPoint\",\"urlTemplate\":\"https:\/\/www.nw-groupe.com\/it\/?s={search_term_string}\"},\"query-input\":{\"@type\":\"PropertyValueSpecification\",\"valueRequired\":true,\"valueName\":\"search_term_string\"}}],\"inLanguage\":\"it-IT\"}]}<\/script>\n<!-- \/ Yoast SEO plugin. -->","yoast_head_json":{"title":"NW Groupe, operatore ed esperto nella transizione energetica - NW","description":"Op\u00e9rateur ind\u00e9pendant de bornes haute puissance de recharge \u00e9lectrique, d\u2019unit\u00e9s de stockage diffus d\u2019\u00e9lectricit\u00e9 et de microcentrales de production d\u2019\u00e9nergies renouvelables, NW se donne pour mission de rendre la transition \u00e9nerg\u00e9tique accessible \u00e0 tous.","robots":{"index":"index","follow":"follow","max-snippet":"max-snippet:-1","max-image-preview":"max-image-preview:large","max-video-preview":"max-video-preview:-1"},"canonical":"https:\/\/www.nw-groupe.com\/it\/chi-siamo\/","og_locale":"it_IT","og_type":"article","og_title":"NW, acteur & expert de la transition \u00e9nerg\u00e9tique","og_description":"Op\u00e9rateur ind\u00e9pendant de bornes haute puissance de recharge \u00e9lectrique, d\u2019unit\u00e9s de stockage diffus d\u2019\u00e9lectricit\u00e9 et de microcentrales de production d\u2019\u00e9nergies renouvelables, NW se donne pour mission de rendre la transition \u00e9nerg\u00e9tique accessible \u00e0 tous.","og_url":"https:\/\/www.nw-groupe.com\/it\/chi-siamo\/","og_site_name":"NW","article_modified_time":"2025-12-09T15:26:25+00:00","og_image":[{"width":1984,"height":892,"url":"https:\/\/www.nw-groupe.com\/wp-content\/uploads\/2023\/06\/head-page-2.jpg","type":"image\/jpeg"}],"twitter_card":"summary_large_image","twitter_title":"NW, acteur & expert de la transition \u00e9nerg\u00e9tique","twitter_description":"Op\u00e9rateur ind\u00e9pendant de bornes haute puissance de recharge \u00e9lectrique, d\u2019unit\u00e9s de stockage diffus d\u2019\u00e9lectricit\u00e9 et de microcentrales de production d\u2019\u00e9nergies renouvelables, NW se donne pour mission de rendre la transition \u00e9nerg\u00e9tique accessible \u00e0 tous.","twitter_image":"https:\/\/www.nw-groupe.com\/wp-content\/uploads\/2023\/06\/head-page-2.jpg","twitter_misc":{"Est. reading time":"1 minuto"},"schema":{"@context":"https:\/\/schema.org","@graph":[{"@type":"WebPage","@id":"https:\/\/www.nw-groupe.com\/it\/chi-siamo\/","url":"https:\/\/www.nw-groupe.com\/it\/chi-siamo\/","name":"NW Groupe, operatore ed esperto nella transizione energetica - NW","isPartOf":{"@id":"https:\/\/www.nw-groupe.com\/it\/#website"},"datePublished":"2023-05-07T09:56:02+00:00","dateModified":"2025-12-09T15:26:25+00:00","description":"Op\u00e9rateur ind\u00e9pendant de bornes haute puissance de recharge \u00e9lectrique, d\u2019unit\u00e9s de stockage diffus d\u2019\u00e9lectricit\u00e9 et de microcentrales de production d\u2019\u00e9nergies renouvelables, NW se donne pour mission de rendre la transition \u00e9nerg\u00e9tique accessible \u00e0 tous.","breadcrumb":{"@id":"https:\/\/www.nw-groupe.com\/it\/chi-siamo\/#breadcrumb"},"inLanguage":"it-IT","potentialAction":[{"@type":"ReadAction","target":["https:\/\/www.nw-groupe.com\/it\/chi-siamo\/"]}]},{"@type":"BreadcrumbList","@id":"https:\/\/www.nw-groupe.com\/it\/chi-siamo\/#breadcrumb","itemListElement":[{"@type":"ListItem","position":1,"name":"Casa","item":"https:\/\/www.nw-groupe.com\/it\/"},{"@type":"ListItem","position":2,"name":"NW Groupe, operatore ed esperto nella transizione energetica"}]},{"@type":"WebSite","@id":"https:\/\/www.nw-groupe.com\/it\/#website","url":"https:\/\/www.nw-groupe.com\/it\/","name":"NW","description":"","potentialAction":[{"@type":"SearchAction","target":{"@type":"EntryPoint","urlTemplate":"https:\/\/www.nw-groupe.com\/it\/?s={search_term_string}"},"query-input":{"@type":"PropertyValueSpecification","valueRequired":true,"valueName":"search_term_string"}}],"inLanguage":"it-IT"}]}},"_links":{"self":[{"href":"https:\/\/www.nw-groupe.com\/it\/wp-json\/wp\/v2\/pages\/2191","targetHints":{"allow":["GET"]}}],"collection":[{"href":"https:\/\/www.nw-groupe.com\/it\/wp-json\/wp\/v2\/pages"}],"about":[{"href":"https:\/\/www.nw-groupe.com\/it\/wp-json\/wp\/v2\/types\/page"}],"author":[{"embeddable":true,"href":"https:\/\/www.nw-groupe.com\/it\/wp-json\/wp\/v2\/users\/3"}],"replies":[{"embeddable":true,"href":"https:\/\/www.nw-groupe.com\/it\/wp-json\/wp\/v2\/comments?post=2191"}],"version-history":[{"count":48,"href":"https:\/\/www.nw-groupe.com\/it\/wp-json\/wp\/v2\/pages\/2191\/revisions"}],"predecessor-version":[{"id":3327,"href":"https:\/\/www.nw-groupe.com\/it\/wp-json\/wp\/v2\/pages\/2191\/revisions\/3327"}],"wp:attachment":[{"href":"https:\/\/www.nw-groupe.com\/it\/wp-json\/wp\/v2\/media?parent=2191"}],"curies":[{"name":"wp","href":"https:\/\/api.w.org\/{rel}","templated":true}]}}